{"id":4710,"date":"2020-05-31T23:39:25","date_gmt":"2020-05-31T21:39:25","guid":{"rendered":"https:\/\/sangiovannidecollato.it\/?page_id=4710"},"modified":"2023-05-10T09:11:24","modified_gmt":"2023-05-10T07:11:24","slug":"info","status":"publish","type":"page","link":"https:\/\/sangiovannidecollato.it\/index.php\/info\/","title":{"rendered":"Presentazione parrocchia"},"content":{"rendered":"<div id=\"pl-gb4710-69f40246c06fe\"  class=\"panel-layout\" ><div id=\"pg-gb4710-69f40246c06fe-0\"  class=\"panel-grid panel-has-style\" ><div class=\"siteorigin-panels-stretch panel-row-style panel-row-style-for-gb4710-69f40246c06fe-0\" data-stretch-type=\"full-width-stretch\" ><div id=\"pgc-gb4710-69f40246c06fe-0-0\"  class=\"panel-grid-cell\" ><div id=\"panel-gb4710-69f40246c06fe-0-0-0\" class=\"so-panel widget widget_sow-hero panel-first-child panel-last-child\" data-index=\"0\" ><div\n\t\t\t\n\t\t\tclass=\"so-widget-sow-hero so-widget-sow-hero-default-2848c332724b-4710 so-widget-fittext-wrapper\"\n\t\t\t data-fit-text-compressor=\"0.75\"\n\t\t>\t\t\t\t<div class=\"sow-slider-base\" style=\"display: none\" tabindex=\"0\">\n\t\t\t\t\t<ul\n\t\t\t\t\tclass=\"sow-slider-images\"\n\t\t\t\t\tdata-settings=\"{&quot;pagination&quot;:true,&quot;speed&quot;:800,&quot;timeout&quot;:8000,&quot;paused&quot;:false,&quot;pause_on_hover&quot;:false,&quot;swipe&quot;:false,&quot;nav_always_show_desktop&quot;:&quot;&quot;,&quot;nav_always_show_mobile&quot;:&quot;&quot;,&quot;breakpoint&quot;:&quot;780px&quot;,&quot;unmute&quot;:false,&quot;anchor&quot;:null}\"\n\t\t\t\t\tstyle=\"min-height: 500px\"\t\t\t\t\tdata-anchor-id=\"\"\n\t\t\t\t>\t\t<li class=\"sow-slider-image  sow-slider-image-cover\" style=\"visibility: visible;;background-color: #000000\" >\n\t\t\t\t\t<div class=\"sow-slider-image-container\">\n\t\t\t<div class=\"sow-slider-image-wrapper\">\n\t\t\t\t<h2 style=\"text-align: center\">SAN GIOVANNI DECOLLATO<\/h2>\n<h2 style=\"text-align: center\">SVETI IVAN<\/h2>\n<p style=\"text-align: center\">Benvenuti nel sito della nostra parrocchia!<\/p>\n<p style=\"text-align: center\">Dobrodo\u0161li na spletni strani na\u0161a \u017eupnije!<\/p>\n<div class=\"sow-hero-buttons\" style=\"text-align: center\"><div\n\t\t\t\n\t\t\tclass=\"so-widget-sow-button so-widget-sow-button-flat-05e7d0b415f9\"\n\t\t\t\n\t\t><div class=\"ow-button-base ow-button-align-center\"\n>\n\t\t\t<a\n\t\t\t\t\thref=\"https:\/\/www.diocesi.trieste.it\/decanati-e-parrocchie\/parrocchie\/san-giovanni-decollato\/\"\n\t\t\t\t\tclass=\"sowb-button ow-icon-placement-left ow-button-hover\" \t>\n\t\t<span>\n\t\t\t\n\t\t\tSITO DIOCESANO\t\t<\/span>\n\t\t\t<\/a>\n\t<\/div>\n<\/div><\/div>\t\t\t<\/div>\n\t\t<\/div>\n\t\t<div class=\"sow-slider-image-overlay sow-slider-image-cover\" style=\"opacity: 0.35;background-image: url(https:\/\/sangiovannidecollato.it\/wp-content\/uploads\/2020\/05\/IMG_20200520_195438-scaled.jpg)\"  ><\/div>\t\t<\/li>\n\t\t<\/ul>\t\t\t\t<ol class=\"sow-slider-pagination\">\n\t\t\t\t\t\t\t\t\t\t\t<li><a href=\"#\" data-goto=\"0\" aria-label=\"Display slide 1\"><\/a><\/li>\n\t\t\t\t\t\t\t\t\t<\/ol>\n\n\t\t\t\t<div class=\"sow-slide-nav sow-slide-nav-next\">\n\t\t\t\t\t<a href=\"#\" data-goto=\"next\" aria-label=\"Next slide\" data-action=\"next\">\n\t\t\t\t\t\t<em class=\"sow-sld-icon-thin-right\"><\/em>\n\t\t\t\t\t<\/a>\n\t\t\t\t<\/div>\n\n\t\t\t\t<div class=\"sow-slide-nav sow-slide-nav-prev\">\n\t\t\t\t\t<a href=\"#\" data-goto=\"previous\" aria-label=\"Previous slide\" data-action=\"prev\">\n\t\t\t\t\t\t<em class=\"sow-sld-icon-thin-left\"><\/em>\n\t\t\t\t\t<\/a>\n\t\t\t\t<\/div>\n\t\t\t\t<\/div><\/div><\/div><\/div><\/div><\/div><div id=\"pg-gb4710-69f40246c06fe-1\"  class=\"panel-grid panel-no-style\" ><div id=\"pgc-gb4710-69f40246c06fe-1-0\"  class=\"panel-grid-cell\" ><div id=\"panel-gb4710-69f40246c06fe-1-0-0\" class=\"so-panel widget widget_sow-editor panel-first-child\" data-index=\"1\" ><div\n\t\t\t\n\t\t\tclass=\"so-widget-sow-editor so-widget-sow-editor-base\"\n\t\t\t\n\t\t>\n<div class=\"siteorigin-widget-tinymce textwidget\">\n\t<h3>La parrocchia<\/h3>\n<p>Nella zona suburbana di Guardiella una piccola chiesa che serviva i pochi villici del luogo esisteva gi\u00e0, come testimoniato da documenti, nel 1338. Era dedicata ai santi Giovanni e Pelagio ed era curata, come tutta la periferia della citt\u00e0, dal Capitolo della Cattedrale di S. Giusto. La popolazione aumentata nel 1800 rese necessario un luogo di culto maggiormente idoneo. All\u2019ampliamento della esistente chiesa fu preferita la costruzione di una nuova. I lavori, deliberati dal Comune di Trieste, iniziarono nel 1856. Il 27 giugno 1858 la chiesa, progettata dall\u2019arch. Giuseppe Sforzi e dedicata a S. Giovanni Decollato, \u00e8 stata consacrata dal vescovo Bartolomeo Legat. In breve tempo l\u2019abitato, staccato dalla citt\u00e0, fu da essa compreso e, ad assicurare adeguatamente la cura d\u2019anime, nel 1859 fu costituito vicariato parrocchiale e nel 1864 parrocchia con il medesimo titolo di S. Giovanni Decollato.<\/p>\n<\/div>\n<\/div><\/div><div id=\"panel-gb4710-69f40246c06fe-1-0-1\" class=\"so-panel widget widget_sow-button\" data-index=\"2\" ><div\n\t\t\t\n\t\t\tclass=\"so-widget-sow-button so-widget-sow-button-wire-7359f5fc84aa-4710\"\n\t\t\t\n\t\t><div class=\"ow-button-base ow-button-align-left\"\n>\n\t\t\t<a\n\t\t\t\t\thref=\"https:\/\/www.diocesi.trieste.it\/decanati-e-parrocchie\/parrocchie\/san-giovanni-decollato\/\"\n\t\t\t\t\tclass=\"sowb-button ow-icon-placement-left ow-button-hover\" target=\"_blank\" rel=\"noopener noreferrer\" \t>\n\t\t<span>\n\t\t\t<span class=\"sow-icon-fontawesome sow-far\" data-sow-icon=\"&#xf35a;\"\n\t\tstyle=\"\" \n\t\taria-hidden=\"true\"><\/span>\n\t\t\tSito diocesano\t\t<\/span>\n\t\t\t<\/a>\n\t<\/div>\n<\/div><\/div><div id=\"panel-gb4710-69f40246c06fe-1-0-2\" class=\"so-panel widget panel-last-child\" data-index=\"3\" ><\/div><\/div><div id=\"pgc-gb4710-69f40246c06fe-1-1\"  class=\"panel-grid-cell\" ><div id=\"panel-gb4710-69f40246c06fe-1-1-0\" class=\"so-panel widget widget_siteorigin-panels-builder panel-first-child panel-last-child\" data-index=\"4\" ><div id=\"pl-w63fb7583b6d04\"  class=\"panel-layout\" ><div id=\"pg-w63fb7583b6d04-0\"  class=\"panel-grid panel-no-style\" ><div id=\"pgc-w63fb7583b6d04-0-0\"  class=\"panel-grid-cell\" ><div id=\"panel-w63fb7583b6d04-0-0-0\" class=\"so-panel widget widget_sow-editor panel-first-child panel-last-child\" data-index=\"0\" ><div\n\t\t\t\n\t\t\tclass=\"so-widget-sow-editor so-widget-sow-editor-base\"\n\t\t\t\n\t\t>\n<div class=\"siteorigin-widget-tinymce textwidget\">\n\t<h3>Indirizzi<\/h3>\n<ul>\n<li>\n<h5>Chiesa parrocchiale:<\/h5>\n<\/li>\n<\/ul>\n<blockquote>\n<p>S. Giovanni Decollato, piazzale Gioberti, 5<\/p>\n<\/blockquote>\n<ul>\n<li>\n<h6>Ufficio parrocchiale:<\/h6>\n<\/li>\n<\/ul>\n<blockquote>\n<p>Piazzale Gioberti, 5 \u2013 34128 Trieste<\/p>\n<\/blockquote>\n<ul>\n<li>\n<h6>Oratorio parrocchiale:<\/h6>\n<\/li>\n<\/ul>\n<blockquote>\n<p>Via San Cilino, 101 \u2013 34128 Trieste<\/p>\n<\/blockquote>\n<h2>Informazioni<\/h2>\n<ul>\n<li><em>Ente iscritto al n. 27 del Registro delle Persone Giuridiche, pag. 27. <\/em>\u00a0C.F. 90031730329<\/li>\n<li>Abitanti: 8.601<\/li>\n<li>Decanato di S. Antonio Taumaturgo<\/li>\n<\/ul>\n<h2>Come aiutarci<\/h2>\n<ul>\n<li>IBAN: IT83M0533602201000040066139 (presso la banca Credit Agricole Friuladria Agenzia)<\/li>\n<\/ul>\n<h2>Consiglio Parrocchiale<\/h2>\n<ul>\n<li>Lo statuto del consiglio parrocchiale \u00e8 disponibile presso: <a href=\"https:\/\/sangiovannidecollato.it\/wp-content\/uploads\/2023\/02\/CPP-STATUTO-e-REGOLAMENTO.pdf\">Statuto e Regolamento<\/a><\/li>\n<\/ul>\n<\/div>\n<\/div><\/div><\/div><\/div><\/div><\/div><\/div><\/div><div id=\"pg-gb4710-69f40246c06fe-2\"  class=\"panel-grid panel-no-style\" ><div id=\"pgc-gb4710-69f40246c06fe-2-0\"  class=\"panel-grid-cell\" ><div id=\"panel-gb4710-69f40246c06fe-2-0-0\" class=\"so-panel widget widget_sow-hero panel-first-child panel-last-child\" data-index=\"5\" ><div\n\t\t\t\n\t\t\tclass=\"so-widget-sow-hero so-widget-sow-hero-default-372a2a279575-4710 so-widget-fittext-wrapper\"\n\t\t\t data-fit-text-compressor=\"0.85\"\n\t\t>\t\t\t\t<div class=\"sow-slider-base\" style=\"display: none\" tabindex=\"0\">\n\t\t\t\t\t<ul\n\t\t\t\t\tclass=\"sow-slider-images\"\n\t\t\t\t\tdata-settings=\"{&quot;pagination&quot;:true,&quot;speed&quot;:800,&quot;timeout&quot;:5000,&quot;paused&quot;:false,&quot;pause_on_hover&quot;:false,&quot;swipe&quot;:true,&quot;nav_always_show_desktop&quot;:&quot;&quot;,&quot;nav_always_show_mobile&quot;:&quot;&quot;,&quot;breakpoint&quot;:&quot;780px&quot;,&quot;unmute&quot;:false,&quot;anchor&quot;:null}\"\n\t\t\t\t\tstyle=\"min-height: 400px\"\t\t\t\t\tdata-anchor-id=\"\"\n\t\t\t\t>\t\t<li class=\"sow-slider-image  sow-slider-image-cover\" style=\"visibility: visible;;background-color: #333333;background-image: url(https:\/\/sangiovannidecollato.it\/wp-content\/uploads\/2020\/05\/cropped-IMG_20200514_194043-scaled-1.jpg)\" >\n\t\t\t\t\t<div class=\"sow-slider-image-container\">\n\t\t\t<div class=\"sow-slider-image-wrapper\">\n\t\t\t\t\t\t\t<\/div>\n\t\t<\/div>\n\t\t\t\t<\/li>\n\t\t\t\t<li class=\"sow-slider-image  sow-slider-image-cover\" style=\"visibility: hidden;;background-color: #333333\" data-background=\"url(https:\/\/sangiovannidecollato.it\/wp-content\/uploads\/2020\/05\/IMG_20200513_193440-scaled.jpg)\" >\n\t\t\t\t\t<div class=\"sow-slider-image-container\">\n\t\t\t<div class=\"sow-slider-image-wrapper\">\n\t\t\t\t\t\t\t<\/div>\n\t\t<\/div>\n\t\t\t\t<\/li>\n\t\t\t\t<li class=\"sow-slider-image  sow-slider-image-cover\" style=\"visibility: hidden;;background-color: #333333\" data-background=\"url(https:\/\/sangiovannidecollato.it\/wp-content\/uploads\/2020\/05\/cropped-IMG_20200520_195438-scaled-2.jpg)\" >\n\t\t\t\t\t<div class=\"sow-slider-image-container\">\n\t\t\t<div class=\"sow-slider-image-wrapper\">\n\t\t\t\t\t\t\t<\/div>\n\t\t<\/div>\n\t\t\t\t<\/li>\n\t\t\t\t<li class=\"sow-slider-image  sow-slider-image-cover\" style=\"visibility: hidden;;background-color: #333333\" data-background=\"url(https:\/\/sangiovannidecollato.it\/wp-content\/uploads\/2023\/03\/1678535903216-scaled.jpg)\" >\n\t\t\t\t\t<div class=\"sow-slider-image-container\">\n\t\t\t<div class=\"sow-slider-image-wrapper\">\n\t\t\t\t\t\t\t<\/div>\n\t\t<\/div>\n\t\t\t\t<\/li>\n\t\t\t\t<li class=\"sow-slider-image  sow-slider-image-cover\" style=\"visibility: hidden;;background-color: #333333\" data-background=\"url(https:\/\/sangiovannidecollato.it\/wp-content\/uploads\/2023\/03\/1678537527856-e1678538183407.jpg)\" >\n\t\t\t\t\t<div class=\"sow-slider-image-container\">\n\t\t\t<div class=\"sow-slider-image-wrapper\">\n\t\t\t\t\t\t\t<\/div>\n\t\t<\/div>\n\t\t\t\t<\/li>\n\t\t<\/ul>\t\t\t\t<ol class=\"sow-slider-pagination\">\n\t\t\t\t\t\t\t\t\t\t\t<li><a href=\"#\" data-goto=\"0\" aria-label=\"Display slide 1\"><\/a><\/li>\n\t\t\t\t\t\t\t\t\t\t\t<li><a href=\"#\" data-goto=\"1\" aria-label=\"Display slide 2\"><\/a><\/li>\n\t\t\t\t\t\t\t\t\t\t\t<li><a href=\"#\" data-goto=\"2\" aria-label=\"Display slide 3\"><\/a><\/li>\n\t\t\t\t\t\t\t\t\t\t\t<li><a href=\"#\" data-goto=\"3\" aria-label=\"Display slide 4\"><\/a><\/li>\n\t\t\t\t\t\t\t\t\t\t\t<li><a href=\"#\" data-goto=\"4\" aria-label=\"Display slide 5\"><\/a><\/li>\n\t\t\t\t\t\t\t\t\t<\/ol>\n\n\t\t\t\t<div class=\"sow-slide-nav sow-slide-nav-next\">\n\t\t\t\t\t<a href=\"#\" data-goto=\"next\" aria-label=\"Next slide\" data-action=\"next\">\n\t\t\t\t\t\t<em class=\"sow-sld-icon-thin-right\"><\/em>\n\t\t\t\t\t<\/a>\n\t\t\t\t<\/div>\n\n\t\t\t\t<div class=\"sow-slide-nav sow-slide-nav-prev\">\n\t\t\t\t\t<a href=\"#\" data-goto=\"previous\" aria-label=\"Previous slide\" data-action=\"prev\">\n\t\t\t\t\t\t<em class=\"sow-sld-icon-thin-left\"><\/em>\n\t\t\t\t\t<\/a>\n\t\t\t\t<\/div>\n\t\t\t\t<\/div><\/div><\/div><\/div><\/div><\/div>","protected":false},"excerpt":{"rendered":"<p>La parrocchia Nella zona suburbana di Guardiella una piccola chiesa che serviva i pochi villici del luogo esisteva gi\u00e0, come testimoniato da documenti, nel 1338. Era dedicata ai santi Giovanni e Pelagio ed era curata, come tutta la periferia della citt\u00e0, dal Capitolo della Cattedrale di S. Giusto. La popolazione aumentata nel 1800 rese necessario [&hellip;]<\/p>\n","protected":false},"author":2,"featured_media":0,"parent":0,"menu_order":0,"comment_status":"closed","ping_status":"closed","template":"","meta":{"inline_featured_image":false,"_monsterinsights_skip_tracking":false,"_monsterinsights_sitenote_active":false,"_monsterinsights_sitenote_note":"","_monsterinsights_sitenote_category":0,"footnotes":""},"class_list":["post-4710","page","type-page","status-publish","hentry","post"],"_links":{"self":[{"href":"https:\/\/sangiovannidecollato.it\/index.php\/wp-json\/wp\/v2\/pages\/4710","targetHints":{"allow":["GET"]}}],"collection":[{"href":"https:\/\/sangiovannidecollato.it\/index.php\/wp-json\/wp\/v2\/pages"}],"about":[{"href":"https:\/\/sangiovannidecollato.it\/index.php\/wp-json\/wp\/v2\/types\/page"}],"author":[{"embeddable":true,"href":"https:\/\/sangiovannidecollato.it\/index.php\/wp-json\/wp\/v2\/users\/2"}],"replies":[{"embeddable":true,"href":"https:\/\/sangiovannidecollato.it\/index.php\/wp-json\/wp\/v2\/comments?post=4710"}],"version-history":[{"count":21,"href":"https:\/\/sangiovannidecollato.it\/index.php\/wp-json\/wp\/v2\/pages\/4710\/revisions"}],"predecessor-version":[{"id":7136,"href":"https:\/\/sangiovannidecollato.it\/index.php\/wp-json\/wp\/v2\/pages\/4710\/revisions\/7136"}],"wp:attachment":[{"href":"https:\/\/sangiovannidecollato.it\/index.php\/wp-json\/wp\/v2\/media?parent=4710"}],"curies":[{"name":"wp","href":"https:\/\/api.w.org\/{rel}","templated":true}]}}